{"id":1888,"date":"2024-05-26T17:47:06","date_gmt":"2024-05-26T17:47:06","guid":{"rendered":"https:\/\/www.flybyschool.com\/?page_id=1888"},"modified":"2024-06-05T14:39:45","modified_gmt":"2024-06-05T14:39:45","slug":"vida-en-burgos","status":"publish","type":"page","link":"https:\/\/www.flybyschool.com\/es\/vida-en-burgos\/","title":{"rendered":"Vida en Burgos"},"content":{"rendered":"<div class=\"wpb-content-wrapper\">[vc_row full_width=\u00bbstretch_row_content\u00bb content_placement=\u00bbbottom\u00bb full_height=\u00bbyes\u00bb columns_placement=\u00bbbottom\u00bb remove_bottom_col_margin=\u00bbtrue\u00bb typography_style=\u00bbwhite-shadow\u00bb wpex_post_thumbnail_bg=\u00bbtrue\u00bb css=\u00bb.vc_custom_1717598307821{background-image: url(https:\/\/www.flybyschool.com\/wp-content\/uploads\/2024\/05\/catedral-burgos-castilla-leon.jpg?id=1891) !important;background-position: center !important;background-repeat: no-repeat !important;background-size: cover !important;}\u00bb wpex_bg_position=\u00bbcenter top\u00bb][vc_column css_animation=\u00bbfadeInLeft\u00bb wpex_featured_bg_image=\u00bbtrue\u00bb wpex_fixed_bg=\u00bbfixed\u00bb css=\u00bb.vc_custom_1717598319472{background-image: url(https:\/\/www.flybyschool.com\/wp-content\/uploads\/2024\/04\/blue-shapes.png?id=145) !important;background-position: 0 0 !important;background-repeat: no-repeat !important;}\u00bb wpex_bg_size=\u00bb1012px 700px\u00bb wpex_bg_position=\u00bbleft bottom\u00bb]<style>.vcex-heading.vcex_69f0da4836014{color:#ffffff;font-size:42px;font-weight:700;}@media (max-width:767px){.vcex-heading.vcex_69f0da4836014{font-size:30px;}}@media (max-width:479px){.vcex-heading.vcex_69f0da4836014{font-size:24px;}}<\/style><h1 class=\"vcex-heading vcex-heading-plain vcex-module wpex-heading wpex-text-2xl wpex-p-20 vc_custom_1717598346317 vcex_69f0da4836014\"><span class=\"vcex-heading-inner wpex-inline-block\">Vida en Burgos<\/span><\/h1><div class=\"vc_custom_1717598368969 wpex-clr\"><a href=\"https:\/\/www.flybyschool.com\/contacto\/\" class=\"vcex-button theme-button outline inline wpex-shadow-none\" style=\"background:#00205b;color:#ffffff;font-size:20px;font-weight:300;border-radius:var(--wpex-rounded-full);\" data-wpex-hover='{&quot;background&quot;:&quot;#ffffff&quot;,&quot;color&quot;:&quot;var(--wpex-accent)&quot;}'><span class=\"vcex-button-inner theme-button-inner\">Contacta con nosotros<\/span><\/a><\/div> [\/vc_column][\/vc_row][vc_row content_placement=\u00bbbottom\u00bb tablet_fullwidth_cols=\u00bbyes\u00bb css=\u00bb.vc_custom_1716751026460{margin-top: 60px !important;}\u00bb][vc_column width=\u00bb1\/2&#8243;]<style>.vcex-heading.vcex_69f0da48396ce{color:#0c2670;font-size:38px;font-weight:700;}@media (max-width:767px){.vcex-heading.vcex_69f0da48396ce{font-size:30px;}}<\/style><h2 class=\"vcex-heading vcex-heading-plain vcex-module wpex-heading wpex-text-2xl vcex_69f0da48396ce\"><span class=\"vcex-heading-inner wpex-inline-block\">Burgos<\/span><\/h2><div class=\"vcex-module vcex-divider vcex-divider-solid wpex-my-20 wpex-max-w-100 wpex-block wpex-h-0 wpex-border-b wpex-border-solid wpex-border-main\" style=\"width:150px;border-bottom-width:5px;border-color:#383838;\"><\/div><style> style=\"height:10px;\"<\/style><div class=\"vcex-spacing wpex-w-100 wpex-clear\" style=\"height:10px;\"><\/div>[vc_column_text font_size=\u00bb16px\u00bb]Se sit\u00faa en la zona interior de Espa\u00f1a, en el norte de la regi\u00f3n de Castilla y Le\u00f3n. Su capital es la ciudad de Burgos, donde se encuentra la \u00fanica catedral de Espa\u00f1a reconocida de forma individual Patrimonio de la Humanidad por la UNESCO.<\/p>\n<p>Otra buena muestra del rico patrimonio cultural de la provincia es el yacimiento de Atapuerca, uno de los m\u00e1s importantes de Europa y declarado Patrimonio de la Humanidad por la UNESCO. De inter\u00e9s son tambi\u00e9n los municipios de Santo Domingo de Silos, Covarrubias, Fr\u00edas y Aranda de Duero.[\/vc_column_text][\/vc_column][vc_column width=\u00bb1\/2&#8243;]<figure class=\"vcex-image vcex-module\"><div class=\"vcex-image-inner wpex-relative wpex-inline-block\"><img width=\"1110\" height=\"500\" src=\"https:\/\/www.flybyschool.com\/wp-content\/uploads\/2024\/05\/burgos-aereo.jpg\" class=\"vcex-image-img wpex-align-middle\" alt=\"\" loading=\"lazy\" decoding=\"async\" srcset=\"https:\/\/www.flybyschool.com\/wp-content\/uploads\/2024\/05\/burgos-aereo.jpg 1110w, https:\/\/www.flybyschool.com\/wp-content\/uploads\/2024\/05\/burgos-aereo-300x135.jpg 300w, https:\/\/www.flybyschool.com\/wp-content\/uploads\/2024\/05\/burgos-aereo-1024x461.jpg 1024w, https:\/\/www.flybyschool.com\/wp-content\/uploads\/2024\/05\/burgos-aereo-768x346.jpg 768w\" sizes=\"auto, (max-width: 1110px) 100vw, 1110px\" \/><\/div><\/figure>[\/vc_column][\/vc_row][vc_row full_width=\u00bbstretch_row\u00bb content_placement=\u00bbmiddle\u00bb column_spacing=\u00bb60&#8243; columns_right=\u00bbyes\u00bb tablet_fullwidth_cols=\u00bbyes\u00bb css=\u00bb.vc_custom_1716750223379{padding-top: 60px !important;padding-bottom: 20px !important;background-color: #e8edec !important;}\u00bb][vc_column width=\u00bb1\/2&#8243;][vc_column_text font_size=\u00bb16px\u00bb font_weight=\u00bbbold\u00bb]Visita obligada[\/vc_column_text]<style>.vcex-heading.vcex_69f0da483ad13{color:#0c2670;font-size:38px;font-weight:700;}@media (max-width:767px){.vcex-heading.vcex_69f0da483ad13{font-size:30px;}}<\/style><h2 class=\"vcex-heading vcex-heading-plain vcex-module wpex-heading wpex-text-2xl vcex_69f0da483ad13\"><span class=\"vcex-heading-inner wpex-inline-block\">Catedral de Burgos<\/span><\/h2><div class=\"vcex-module vcex-divider vcex-divider-solid wpex-my-20 wpex-max-w-100 wpex-block wpex-h-0 wpex-border-b wpex-border-solid wpex-border-main\" style=\"width:150px;border-bottom-width:5px;border-color:#383838;\"><\/div><style> style=\"height:20px;\"<\/style><div class=\"vcex-spacing wpex-w-100 wpex-clear\" style=\"height:20px;\"><\/div>[vc_column_text color=\u00bbrgba(30,21,23,0.9)\u00bb font_size=\u00bb18px\u00bb el_class=\u00bbwpex-antialiased\u00bb]\u00bfSab\u00edas que a finales del siglo XI Burgos ya contaba con una catedral? \u00bfY que fue destruida por no estar \u201ca la altura\u201d de la importancia que estaba adquiriendo la ciudad? En su lugar, hoy Espa\u00f1a atesora la emblem\u00e1tica Santa Iglesia Catedral Bas\u00edlica Metropolitana de Santa Mar\u00eda, m\u00e1s conocida como la Catedral de Burgos.[\/vc_column_text]<style> style=\"height:20px;\"<\/style><div class=\"vcex-spacing wpex-w-100 wpex-clear\" style=\"height:20px;\"><\/div><a href=\"https:\/\/www.spain.info\/es\/descubrir-espana\/historia-catedral-burgos\/\" class=\"vcex-button theme-button outline inline wpex-shadow-none\" style=\"background:#00205b;color:#ffffff;font-size:20px;font-weight:300;border-radius:var(--wpex-rounded-full);\" data-wpex-hover='{&quot;background&quot;:&quot;#ffffff&quot;,&quot;color&quot;:&quot;var(--wpex-accent)&quot;}' target=\"_blank\" rel=\"noopener noreferrer\"><span class=\"vcex-button-inner theme-button-inner\">Ampliar informaci\u00f3n<\/span><\/a> [\/vc_column][vc_column width=\u00bb1\/2&#8243;]<div class=\"vcex-grid-container vcex-module wpex-grid wpex-gap-20 wpex-grid-cols-1\"><figure class=\"vcex-image vcex-module\"><div class=\"vcex-image-inner wpex-relative wpex-inline-block\"><img width=\"540\" height=\"540\" src=\"https:\/\/www.flybyschool.com\/wp-content\/uploads\/2024\/05\/puerta-gotica-abajo-claustro-catedral-burgos-castilla-leon.jpg\" class=\"vcex-image-img wpex-align-middle\" alt=\"\" loading=\"lazy\" decoding=\"async\" srcset=\"https:\/\/www.flybyschool.com\/wp-content\/uploads\/2024\/05\/puerta-gotica-abajo-claustro-catedral-burgos-castilla-leon.jpg 540w, https:\/\/www.flybyschool.com\/wp-content\/uploads\/2024\/05\/puerta-gotica-abajo-claustro-catedral-burgos-castilla-leon-300x300.jpg 300w, https:\/\/www.flybyschool.com\/wp-content\/uploads\/2024\/05\/puerta-gotica-abajo-claustro-catedral-burgos-castilla-leon-150x150.jpg 150w\" sizes=\"auto, (max-width: 540px) 100vw, 540px\" \/><\/div><\/figure><\/div>[\/vc_column][\/vc_row][vc_row css=\u00bb.vc_custom_1716750042180{margin-top: 60px !important;}\u00bb][vc_column]<style>.vcex-heading.vcex_69f0da483c5a4{color:#0c2670;font-size:38px;font-weight:300;}@media (max-width:767px){.vcex-heading.vcex_69f0da483c5a4{font-size:30px;}}<\/style><h2 class=\"vcex-heading vcex-heading-plain vcex-module wpex-heading wpex-text-2xl vcex_69f0da483c5a4\"><span class=\"vcex-heading-inner wpex-inline-block\"><strong>Visitas<\/strong> imprescindibles<\/span><\/h2><style> style=\"height:20px;\"<\/style><div class=\"vcex-spacing wpex-w-100 wpex-clear\" style=\"height:20px;\"><\/div>[vc_column_text]Si desea ampliar m\u00e1s informaci\u00f3n haga clic <strong><a href=\"https:\/\/www.spain.info\/es\/region\/burgos-provincia\/\" target=\"_blank\" rel=\"noopener\">aqu\u00ed<\/a><\/strong>.[\/vc_column_text]<style> style=\"height:30px;\"<\/style><div class=\"vcex-spacing wpex-w-100 wpex-clear\" style=\"height:30px;\"><\/div><style class=\"vcex-carousel-preload-css\">.vcex_69f0da483de2f{--wpex-carousel-gap:15px;}.vcex_69f0da483de2f{--wpex-carousel-columns:1;}.vcex_69f0da483de2f.wpex-carousel:not(.owl-loaded) > *:not(:nth-child(1n+2)) {display: flex !important;}@media only screen and (min-width: 480px) {.vcex_69f0da483de2f{--wpex-carousel-columns:2;}.vcex_69f0da483de2f.wpex-carousel:not(.owl-loaded) > *:not(:nth-child(1n+3)) {display: flex !important;}}@media only screen and (min-width: 768px) {.vcex_69f0da483de2f{--wpex-carousel-columns:3;}.vcex_69f0da483de2f.wpex-carousel:not(.owl-loaded) > *:not(:nth-child(1n+4)) {display: flex !important;}}@media only screen and (min-width: 960px) {.vcex_69f0da483de2f{--wpex-carousel-columns:4;}.vcex_69f0da483de2f.wpex-carousel:not(.owl-loaded) > *:not(:nth-child(1n+5)) {display: flex !important;}}<\/style><div class=\"vcex-module wpex-carousel wpex-carousel-images wpex-clr owl-carousel wpex-carousel--render-onload vcex_69f0da483de2f arrwstyle-default arrwpos-abs\" data-wpex-carousel=\"{&quot;autoplay&quot;:&quot;true&quot;,&quot;responsive&quot;:{&quot;0&quot;:{&quot;items&quot;:&quot;1&quot;},&quot;480&quot;:{&quot;items&quot;:&quot;2&quot;},&quot;768&quot;:{&quot;items&quot;:&quot;3&quot;},&quot;960&quot;:{&quot;items&quot;:&quot;4&quot;}}}\"><div class=\"wpex-carousel-slide\"><figure class=\"wpex-carousel-entry-media entry-media overlay-parent overlay-parent-title-bottom\"><img loading=\"lazy\" decoding=\"async\" width=\"350\" height=\"350\" src=\"https:\/\/www.flybyschool.com\/wp-content\/uploads\/2024\/05\/monasterio_santo_domingo_silos_burgos_c_alfredo_ruiz_huerga.jpg\" class=\"wpex-align-middle skip-lazy\" alt=\"\" data-no-lazy=\"1\" srcset=\"https:\/\/www.flybyschool.com\/wp-content\/uploads\/2024\/05\/monasterio_santo_domingo_silos_burgos_c_alfredo_ruiz_huerga.jpg 350w, https:\/\/www.flybyschool.com\/wp-content\/uploads\/2024\/05\/monasterio_santo_domingo_silos_burgos_c_alfredo_ruiz_huerga-300x300.jpg 300w, https:\/\/www.flybyschool.com\/wp-content\/uploads\/2024\/05\/monasterio_santo_domingo_silos_burgos_c_alfredo_ruiz_huerga-150x150.jpg 150w\" sizes=\"auto, (max-width: 350px) 100vw, 350px\" \/>\n<div class=\"overlay-title-bottom theme-overlay wpex-absolute wpex-bottom-0 wpex-inset-x-0 wpex-bg-black wpex-py-10 wpex-px-20 wpex-text-white wpex-text-md wpex-text-center\">\n\tMonasterio de Santo Domingo de Silos<\/div>\n<\/figure><\/div><div class=\"wpex-carousel-slide\"><figure class=\"wpex-carousel-entry-media entry-media overlay-parent overlay-parent-title-bottom\"><img loading=\"lazy\" decoding=\"async\" width=\"350\" height=\"350\" src=\"https:\/\/www.flybyschool.com\/wp-content\/uploads\/2024\/05\/SEG-TUR-AtractivoTuristico-monumento.jpg\" class=\"wpex-align-middle skip-lazy\" alt=\"\" data-no-lazy=\"1\" srcset=\"https:\/\/www.flybyschool.com\/wp-content\/uploads\/2024\/05\/SEG-TUR-AtractivoTuristico-monumento.jpg 350w, https:\/\/www.flybyschool.com\/wp-content\/uploads\/2024\/05\/SEG-TUR-AtractivoTuristico-monumento-300x300.jpg 300w, https:\/\/www.flybyschool.com\/wp-content\/uploads\/2024\/05\/SEG-TUR-AtractivoTuristico-monumento-150x150.jpg 150w\" sizes=\"auto, (max-width: 350px) 100vw, 350px\" \/>\n<div class=\"overlay-title-bottom theme-overlay wpex-absolute wpex-bottom-0 wpex-inset-x-0 wpex-bg-black wpex-py-10 wpex-px-20 wpex-text-white wpex-text-md wpex-text-center\">\n\tMonasterio de San Salvador de O\u00f1a<\/div>\n<\/figure><\/div><div class=\"wpex-carousel-slide\"><figure class=\"wpex-carousel-entry-media entry-media overlay-parent overlay-parent-title-bottom\"><img loading=\"lazy\" decoding=\"async\" width=\"330\" height=\"330\" src=\"https:\/\/www.flybyschool.com\/wp-content\/uploads\/2024\/05\/vista-burgos-catedral.jpg\" class=\"wpex-align-middle skip-lazy\" alt=\"\" data-no-lazy=\"1\" srcset=\"https:\/\/www.flybyschool.com\/wp-content\/uploads\/2024\/05\/vista-burgos-catedral.jpg 330w, https:\/\/www.flybyschool.com\/wp-content\/uploads\/2024\/05\/vista-burgos-catedral-300x300.jpg 300w, https:\/\/www.flybyschool.com\/wp-content\/uploads\/2024\/05\/vista-burgos-catedral-150x150.jpg 150w\" sizes=\"auto, (max-width: 330px) 100vw, 330px\" \/>\n<div class=\"overlay-title-bottom theme-overlay wpex-absolute wpex-bottom-0 wpex-inset-x-0 wpex-bg-black wpex-py-10 wpex-px-20 wpex-text-white wpex-text-md wpex-text-center\">\n\tCatedral de Burgos<\/div>\n<\/figure><\/div><div class=\"wpex-carousel-slide\"><figure class=\"wpex-carousel-entry-media entry-media overlay-parent overlay-parent-title-bottom\"><img loading=\"lazy\" decoding=\"async\" width=\"350\" height=\"350\" src=\"https:\/\/www.flybyschool.com\/wp-content\/uploads\/2024\/05\/cartuja_miraflores_burgos_s_682127272.jpg\" class=\"wpex-align-middle skip-lazy\" alt=\"\" data-no-lazy=\"1\" srcset=\"https:\/\/www.flybyschool.com\/wp-content\/uploads\/2024\/05\/cartuja_miraflores_burgos_s_682127272.jpg 350w, https:\/\/www.flybyschool.com\/wp-content\/uploads\/2024\/05\/cartuja_miraflores_burgos_s_682127272-300x300.jpg 300w, https:\/\/www.flybyschool.com\/wp-content\/uploads\/2024\/05\/cartuja_miraflores_burgos_s_682127272-150x150.jpg 150w\" sizes=\"auto, (max-width: 350px) 100vw, 350px\" \/>\n<div class=\"overlay-title-bottom theme-overlay wpex-absolute wpex-bottom-0 wpex-inset-x-0 wpex-bg-black wpex-py-10 wpex-px-20 wpex-text-white wpex-text-md wpex-text-center\">\n\tCartuja de Miraflores<\/div>\n<\/figure><\/div><div class=\"wpex-carousel-slide\"><figure class=\"wpex-carousel-entry-media entry-media overlay-parent overlay-parent-title-bottom\"><img loading=\"lazy\" decoding=\"async\" width=\"350\" height=\"350\" src=\"https:\/\/www.flybyschool.com\/wp-content\/uploads\/2024\/05\/expo_FOZ5630.jpg\" class=\"wpex-align-middle skip-lazy\" alt=\"\" data-no-lazy=\"1\" srcset=\"https:\/\/www.flybyschool.com\/wp-content\/uploads\/2024\/05\/expo_FOZ5630.jpg 350w, https:\/\/www.flybyschool.com\/wp-content\/uploads\/2024\/05\/expo_FOZ5630-300x300.jpg 300w, https:\/\/www.flybyschool.com\/wp-content\/uploads\/2024\/05\/expo_FOZ5630-150x150.jpg 150w\" sizes=\"auto, (max-width: 350px) 100vw, 350px\" \/>\n<div class=\"overlay-title-bottom theme-overlay wpex-absolute wpex-bottom-0 wpex-inset-x-0 wpex-bg-black wpex-py-10 wpex-px-20 wpex-text-white wpex-text-md wpex-text-center\">\n\tMuseo de la Evoluci\u00f3n Humana (MEH)<\/div>\n<\/figure><\/div><div class=\"wpex-carousel-slide\"><figure class=\"wpex-carousel-entry-media entry-media overlay-parent overlay-parent-title-bottom\"><img loading=\"lazy\" decoding=\"async\" width=\"350\" height=\"350\" src=\"https:\/\/www.flybyschool.com\/wp-content\/uploads\/2024\/05\/Gran_Dolina_2012_Sierra_de_Atapuerca-Mario-Modesto-Mata.jpg\" class=\"wpex-align-middle skip-lazy\" alt=\"\" data-no-lazy=\"1\" srcset=\"https:\/\/www.flybyschool.com\/wp-content\/uploads\/2024\/05\/Gran_Dolina_2012_Sierra_de_Atapuerca-Mario-Modesto-Mata.jpg 350w, https:\/\/www.flybyschool.com\/wp-content\/uploads\/2024\/05\/Gran_Dolina_2012_Sierra_de_Atapuerca-Mario-Modesto-Mata-300x300.jpg 300w, https:\/\/www.flybyschool.com\/wp-content\/uploads\/2024\/05\/Gran_Dolina_2012_Sierra_de_Atapuerca-Mario-Modesto-Mata-150x150.jpg 150w\" sizes=\"auto, (max-width: 350px) 100vw, 350px\" \/>\n<div class=\"overlay-title-bottom theme-overlay wpex-absolute wpex-bottom-0 wpex-inset-x-0 wpex-bg-black wpex-py-10 wpex-px-20 wpex-text-white wpex-text-md wpex-text-center\">\n\tYacimiento de Atapuerca<\/div>\n<\/figure><\/div><\/div>[\/vc_column][\/vc_row]\n<\/div>","protected":false},"excerpt":{"rendered":"<p>[vc_row full_width=\u00bbstretch_row_content\u00bb content_placement=\u00bbbottom\u00bb full_height=\u00bbyes\u00bb columns_placement=\u00bbbottom\u00bb remove_bottom_col_margin=\u00bbtrue\u00bb typography_style=\u00bbwhite-shadow\u00bb wpex_post_thumbnail_bg=\u00bbtrue\u00bb css=\u00bb.vc_custom_1717598307821{background-image: url(https:\/\/www.flybyschool.com\/wp-content\/uploads\/2024\/05\/catedral-burgos-castilla-leon.jpg?id=1891) !important;background-position: center !important;background-repeat: no-repeat !important;background-size: cover !important;}\u00bb wpex_bg_position=\u00bbcenter top\u00bb][vc_column css_animation=\u00bbfadeInLeft\u00bb wpex_featured_bg_image=\u00bbtrue\u00bb wpex_fixed_bg=\u00bbfixed\u00bb css=\u00bb.vc_custom_1717598319472{background-image: url(https:\/\/www.flybyschool.com\/wp-content\/uploads\/2024\/04\/blue-shapes.png?id=145) !important;background-position: 0 0 !important;background-repeat: no-repeat !important;}\u00bb wpex_bg_size=\u00bb1012px 700px\u00bb wpex_bg_position=\u00bbleft bottom\u00bb][\/vc_column][\/vc_row][vc_row content_placement=\u00bbbottom\u00bb tablet_fullwidth_cols=\u00bbyes\u00bb css=\u00bb.vc_custom_1716751026460{margin-top: 60px !important;}\u00bb][vc_column width=\u00bb1\/2&#8243;][vc_column_text font_size=\u00bb16px\u00bb]Se sit\u00faa en la zona interior de Espa\u00f1a, en el norte de la regi\u00f3n de&hellip;<\/p>\n","protected":false},"author":1,"featured_media":0,"parent":0,"menu_order":0,"comment_status":"closed","ping_status":"closed","template":"","meta":{"_joinchat":[],"footnotes":""},"class_list":["post-1888","page","type-page","status-publish","hentry","entry","no-media"],"_links":{"self":[{"href":"https:\/\/www.flybyschool.com\/es\/wp-json\/wp\/v2\/pages\/1888","targetHints":{"allow":["GET"]}}],"collection":[{"href":"https:\/\/www.flybyschool.com\/es\/wp-json\/wp\/v2\/pages"}],"about":[{"href":"https:\/\/www.flybyschool.com\/es\/wp-json\/wp\/v2\/types\/page"}],"author":[{"embeddable":true,"href":"https:\/\/www.flybyschool.com\/es\/wp-json\/wp\/v2\/users\/1"}],"replies":[{"embeddable":true,"href":"https:\/\/www.flybyschool.com\/es\/wp-json\/wp\/v2\/comments?post=1888"}],"version-history":[{"count":6,"href":"https:\/\/www.flybyschool.com\/es\/wp-json\/wp\/v2\/pages\/1888\/revisions"}],"predecessor-version":[{"id":2564,"href":"https:\/\/www.flybyschool.com\/es\/wp-json\/wp\/v2\/pages\/1888\/revisions\/2564"}],"wp:attachment":[{"href":"https:\/\/www.flybyschool.com\/es\/wp-json\/wp\/v2\/media?parent=1888"}],"curies":[{"name":"wp","href":"https:\/\/api.w.org\/{rel}","templated":true}]}}