{"id":2660,"date":"2024-05-26T17:47:06","date_gmt":"2024-05-26T17:47:06","guid":{"rendered":"https:\/\/www.flybyschool.com\/vie-a-burgos\/"},"modified":"2024-07-07T08:31:00","modified_gmt":"2024-07-07T08:31:00","slug":"vie-a-burgos","status":"publish","type":"page","link":"https:\/\/www.flybyschool.com\/fr\/vie-a-burgos\/","title":{"rendered":"Vie \u00e0 Burgos"},"content":{"rendered":"<div class=\"wpb-content-wrapper\">[vc_row full_width=\u00a0\u00bbstretch_row_content\u00a0\u00bb content_placement=\u00a0\u00bbbottom\u00a0\u00bb full_height=\u00a0\u00bbyes\u00a0\u00bb columns_placement=\u00a0\u00bbbottom\u00a0\u00bb remove_bottom_col_margin=\u00a0\u00bbtrue\u00a0\u00bb typography_style=\u00a0\u00bbwhite-shadow\u00a0\u00bb wpex_post_thumbnail_bg=\u00a0\u00bbtrue\u00a0\u00bb css=\u00a0\u00bb.vc_custom_1717598307821{background-image: url(https:\/\/www.flybyschool.com\/wp-content\/uploads\/2024\/05\/catedral-burgos-castilla-leon.jpg?id=1891) !important;background-position: center !important;background-repeat: no-repeat !important;background-size: cover !important;}\u00a0\u00bb wpex_bg_position=\u00a0\u00bbcenter top\u00a0\u00bb][vc_column css_animation=\u00a0\u00bbfadeInLeft\u00a0\u00bb wpex_featured_bg_image=\u00a0\u00bbtrue\u00a0\u00bb wpex_fixed_bg=\u00a0\u00bbfixed\u00a0\u00bb css=\u00a0\u00bb.vc_custom_1717598319472{background-image: url(https:\/\/www.flybyschool.com\/wp-content\/uploads\/2024\/04\/blue-shapes.png?id=145) !important;background-position: 0 0 !important;background-repeat: no-repeat !important;}\u00a0\u00bb wpex_bg_size=\u00a0\u00bb1012px 700px\u00a0\u00bb wpex_bg_position=\u00a0\u00bbleft bottom\u00a0\u00bb]<style>.vcex-heading.vcex_69f0ddbdb8998{color:#ffffff;font-size:42px;font-weight:700;}@media (max-width:767px){.vcex-heading.vcex_69f0ddbdb8998{font-size:30px;}}@media (max-width:479px){.vcex-heading.vcex_69f0ddbdb8998{font-size:24px;}}<\/style><h1 class=\"vcex-heading vcex-heading-plain vcex-module wpex-heading wpex-text-2xl wpex-p-20 vc_custom_1717598346317 vcex_69f0ddbdb8998\"><span class=\"vcex-heading-inner wpex-inline-block\">Vie \u00e0 Burgos<\/span><\/h1><div class=\"vc_custom_1717598368969 wpex-clr\"><a href=\"https:\/\/www.flybyschool.com\/contacto\/\" class=\"vcex-button theme-button outline inline wpex-shadow-none\" style=\"background:#00205b;color:#ffffff;font-size:20px;font-weight:300;border-radius:var(--wpex-rounded-full);\" data-wpex-hover='{&quot;background&quot;:&quot;#ffffff&quot;,&quot;color&quot;:&quot;var(--wpex-accent)&quot;}'><span class=\"vcex-button-inner theme-button-inner\">Contactez-nous<\/span><\/a><\/div> [\/vc_column][\/vc_row][vc_row content_placement=\u00a0\u00bbbottom\u00a0\u00bb tablet_fullwidth_cols=\u00a0\u00bbyes\u00a0\u00bb css=\u00a0\u00bb.vc_custom_1716751026460{margin-top: 60px !important;}\u00a0\u00bb][vc_column width=\u00a0\u00bb1\/2&Prime;]<style>.vcex-heading.vcex_69f0ddbdbba73{color:#0c2670;font-size:38px;font-weight:700;}@media (max-width:767px){.vcex-heading.vcex_69f0ddbdbba73{font-size:30px;}}<\/style><h2 class=\"vcex-heading vcex-heading-plain vcex-module wpex-heading wpex-text-2xl vcex_69f0ddbdbba73\"><span class=\"vcex-heading-inner wpex-inline-block\">Burgos<\/span><\/h2><div class=\"vcex-module vcex-divider vcex-divider-solid wpex-my-20 wpex-max-w-100 wpex-block wpex-h-0 wpex-border-b wpex-border-solid wpex-border-main\" style=\"width:150px;border-bottom-width:5px;border-color:#383838;\"><\/div><style> style=\"height:10px;\"<\/style><div class=\"vcex-spacing wpex-w-100 wpex-clear\" style=\"height:10px;\"><\/div>[vc_column_text font_size=\u00a0\u00bb16px\u00a0\u00bb]Burgos est situ\u00e9e \u00e0 l&rsquo;int\u00e9rieur de l&rsquo;Espagne, dans la partie nord de la r\u00e9gion de Castille-et-Le\u00f3n. Sa capitale est la ville de Burgos, o\u00f9 se trouve la seule cath\u00e9drale d&rsquo;Espagne individuellement reconnue comme site du patrimoine mondial de l&rsquo;UNESCO.<\/p>\n<p>Un autre exemple remarquable du riche patrimoine culturel de la province est le site arch\u00e9ologique d&rsquo;Atapuerca, l&rsquo;un des plus importants d&rsquo;Europe et class\u00e9 au patrimoine mondial de l&rsquo;UNESCO. Sont \u00e9galement d&rsquo;int\u00e9r\u00eat les municipalit\u00e9s de Santo Domingo de Silos, Covarrubias, Fr\u00edas et Aranda de Duero.[\/vc_column_text][\/vc_column][vc_column width=\u00a0\u00bb1\/2&Prime;]<figure class=\"vcex-image vcex-module\"><div class=\"vcex-image-inner wpex-relative wpex-inline-block\"><img width=\"1110\" height=\"500\" src=\"https:\/\/www.flybyschool.com\/wp-content\/uploads\/2024\/05\/burgos-aereo.jpg\" class=\"vcex-image-img wpex-align-middle\" alt=\"\" loading=\"lazy\" decoding=\"async\" srcset=\"https:\/\/www.flybyschool.com\/wp-content\/uploads\/2024\/05\/burgos-aereo.jpg 1110w, https:\/\/www.flybyschool.com\/wp-content\/uploads\/2024\/05\/burgos-aereo-300x135.jpg 300w, https:\/\/www.flybyschool.com\/wp-content\/uploads\/2024\/05\/burgos-aereo-1024x461.jpg 1024w, https:\/\/www.flybyschool.com\/wp-content\/uploads\/2024\/05\/burgos-aereo-768x346.jpg 768w\" sizes=\"auto, (max-width: 1110px) 100vw, 1110px\" \/><\/div><\/figure>[\/vc_column][\/vc_row][vc_row full_width=\u00a0\u00bbstretch_row\u00a0\u00bb content_placement=\u00a0\u00bbmiddle\u00a0\u00bb column_spacing=\u00a0\u00bb60&Prime; columns_right=\u00a0\u00bbyes\u00a0\u00bb tablet_fullwidth_cols=\u00a0\u00bbyes\u00a0\u00bb css=\u00a0\u00bb.vc_custom_1716750223379{padding-top: 60px !important;padding-bottom: 20px !important;background-color: #e8edec !important;}\u00a0\u00bb][vc_column width=\u00a0\u00bb1\/2&Prime;][vc_column_text font_size=\u00a0\u00bb16px\u00a0\u00bb font_weight=\u00a0\u00bbbold\u00a0\u00bb]\u00c0 ne pas manquer[\/vc_column_text]<style>.vcex-heading.vcex_69f0ddbdbd090{color:#0c2670;font-size:38px;font-weight:700;}@media (max-width:767px){.vcex-heading.vcex_69f0ddbdbd090{font-size:30px;}}<\/style><h2 class=\"vcex-heading vcex-heading-plain vcex-module wpex-heading wpex-text-2xl vcex_69f0ddbdbd090\"><span class=\"vcex-heading-inner wpex-inline-block\">Cath\u00e9drale de Burgos<\/span><\/h2><div class=\"vcex-module vcex-divider vcex-divider-solid wpex-my-20 wpex-max-w-100 wpex-block wpex-h-0 wpex-border-b wpex-border-solid wpex-border-main\" style=\"width:150px;border-bottom-width:5px;border-color:#383838;\"><\/div><style> style=\"height:20px;\"<\/style><div class=\"vcex-spacing wpex-w-100 wpex-clear\" style=\"height:20px;\"><\/div>[vc_column_text color=\u00a0\u00bbrgba(30,21,23,0.9)\u00a0\u00bb font_size=\u00a0\u00bb18px\u00a0\u00bb el_class=\u00a0\u00bbwpex-antialiased\u00a0\u00bb]Saviez-vous qu&rsquo;\u00e0 la fin du XIe si\u00e8cle, Burgos poss\u00e9dait d\u00e9j\u00e0 une cath\u00e9drale ? Et qu&rsquo;elle a \u00e9t\u00e9 d\u00e9truite car elle n&rsquo;\u00e9tait pas \u00ab\u00a0\u00e0 la hauteur\u00a0\u00bb de l&rsquo;importance que la ville acqu\u00e9rait ? Aujourd&rsquo;hui, l&rsquo;Espagne ch\u00e9rit l&#8217;embl\u00e9matique Santa Iglesia Catedral Bas\u00edlica Metropolitana de Santa Mar\u00eda, mieux connue sous le nom de Cath\u00e9drale de Burgos.[\/vc_column_text]<style> style=\"height:20px;\"<\/style><div class=\"vcex-spacing wpex-w-100 wpex-clear\" style=\"height:20px;\"><\/div><a href=\"https:\/\/www.spain.info\/fr\/decouvrir-espagne\/histoire-cathedrale-burgos\/\" class=\"vcex-button theme-button outline inline wpex-shadow-none\" style=\"background:#00205b;color:#ffffff;font-size:20px;font-weight:300;border-radius:var(--wpex-rounded-full);\" data-wpex-hover='{&quot;background&quot;:&quot;#ffffff&quot;,&quot;color&quot;:&quot;var(--wpex-accent)&quot;}' target=\"_blank\" rel=\"noopener noreferrer\"><span class=\"vcex-button-inner theme-button-inner\">Plus d&rsquo;informations<\/span><\/a> [\/vc_column][vc_column width=\u00a0\u00bb1\/2&Prime;]<div class=\"vcex-grid-container vcex-module wpex-grid wpex-gap-20 wpex-grid-cols-1\"><figure class=\"vcex-image vcex-module\"><div class=\"vcex-image-inner wpex-relative wpex-inline-block\"><img width=\"540\" height=\"540\" src=\"https:\/\/www.flybyschool.com\/wp-content\/uploads\/2024\/05\/puerta-gotica-abajo-claustro-catedral-burgos-castilla-leon.jpg\" class=\"vcex-image-img wpex-align-middle\" alt=\"\" loading=\"lazy\" decoding=\"async\" srcset=\"https:\/\/www.flybyschool.com\/wp-content\/uploads\/2024\/05\/puerta-gotica-abajo-claustro-catedral-burgos-castilla-leon.jpg 540w, https:\/\/www.flybyschool.com\/wp-content\/uploads\/2024\/05\/puerta-gotica-abajo-claustro-catedral-burgos-castilla-leon-300x300.jpg 300w, https:\/\/www.flybyschool.com\/wp-content\/uploads\/2024\/05\/puerta-gotica-abajo-claustro-catedral-burgos-castilla-leon-150x150.jpg 150w\" sizes=\"auto, (max-width: 540px) 100vw, 540px\" \/><\/div><\/figure><\/div>[\/vc_column][\/vc_row][vc_row css=\u00a0\u00bb.vc_custom_1716750042180{margin-top: 60px !important;}\u00a0\u00bb][vc_column]<style>.vcex-heading.vcex_69f0ddbdbea38{color:#0c2670;font-size:38px;font-weight:300;}@media (max-width:767px){.vcex-heading.vcex_69f0ddbdbea38{font-size:30px;}}<\/style><h2 class=\"vcex-heading vcex-heading-plain vcex-module wpex-heading wpex-text-2xl vcex_69f0ddbdbea38\"><span class=\"vcex-heading-inner wpex-inline-block\"><strong>Attractions<\/strong> incontournables<\/span><\/h2><style> style=\"height:20px;\"<\/style><div class=\"vcex-spacing wpex-w-100 wpex-clear\" style=\"height:20px;\"><\/div>[vc_column_text]Si vous souhaitez en savoir plus, cliquez <strong><a href=\"https:\/\/www.spain.info\/fr\/region\/burgos-province\/\" target=\"_blank\" rel=\"noopener\">ici<\/a><\/strong>.[\/vc_column_text]<style> style=\"height:30px;\"<\/style><div class=\"vcex-spacing wpex-w-100 wpex-clear\" style=\"height:30px;\"><\/div><style class=\"vcex-carousel-preload-css\">.vcex_69f0ddbdc02ad{--wpex-carousel-gap:15px;}.vcex_69f0ddbdc02ad{--wpex-carousel-columns:1;}.vcex_69f0ddbdc02ad.wpex-carousel:not(.owl-loaded) > *:not(:nth-child(1n+2)) {display: flex !important;}@media only screen and (min-width: 480px) {.vcex_69f0ddbdc02ad{--wpex-carousel-columns:2;}.vcex_69f0ddbdc02ad.wpex-carousel:not(.owl-loaded) > *:not(:nth-child(1n+3)) {display: flex !important;}}@media only screen and (min-width: 768px) {.vcex_69f0ddbdc02ad{--wpex-carousel-columns:3;}.vcex_69f0ddbdc02ad.wpex-carousel:not(.owl-loaded) > *:not(:nth-child(1n+4)) {display: flex !important;}}@media only screen and (min-width: 960px) {.vcex_69f0ddbdc02ad{--wpex-carousel-columns:4;}.vcex_69f0ddbdc02ad.wpex-carousel:not(.owl-loaded) > *:not(:nth-child(1n+5)) {display: flex !important;}}<\/style><div class=\"vcex-module wpex-carousel wpex-carousel-images wpex-clr owl-carousel wpex-carousel--render-onload vcex_69f0ddbdc02ad arrwstyle-default arrwpos-abs\" data-wpex-carousel=\"{&quot;autoplay&quot;:&quot;true&quot;,&quot;responsive&quot;:{&quot;0&quot;:{&quot;items&quot;:&quot;1&quot;},&quot;480&quot;:{&quot;items&quot;:&quot;2&quot;},&quot;768&quot;:{&quot;items&quot;:&quot;3&quot;},&quot;960&quot;:{&quot;items&quot;:&quot;4&quot;}}}\"><div class=\"wpex-carousel-slide\"><figure class=\"wpex-carousel-entry-media entry-media overlay-parent overlay-parent-title-bottom\"><img loading=\"lazy\" decoding=\"async\" width=\"350\" height=\"350\" src=\"https:\/\/www.flybyschool.com\/wp-content\/uploads\/2024\/05\/monasterio_santo_domingo_silos_burgos_c_alfredo_ruiz_huerga.jpg\" class=\"wpex-align-middle skip-lazy\" alt=\"\" data-no-lazy=\"1\" srcset=\"https:\/\/www.flybyschool.com\/wp-content\/uploads\/2024\/05\/monasterio_santo_domingo_silos_burgos_c_alfredo_ruiz_huerga.jpg 350w, https:\/\/www.flybyschool.com\/wp-content\/uploads\/2024\/05\/monasterio_santo_domingo_silos_burgos_c_alfredo_ruiz_huerga-300x300.jpg 300w, https:\/\/www.flybyschool.com\/wp-content\/uploads\/2024\/05\/monasterio_santo_domingo_silos_burgos_c_alfredo_ruiz_huerga-150x150.jpg 150w\" sizes=\"auto, (max-width: 350px) 100vw, 350px\" \/>\n<div class=\"overlay-title-bottom theme-overlay wpex-absolute wpex-bottom-0 wpex-inset-x-0 wpex-bg-black wpex-py-10 wpex-px-20 wpex-text-white wpex-text-md wpex-text-center\">\n\tMonasterio de Santo Domingo de Silos<\/div>\n<\/figure><\/div><div class=\"wpex-carousel-slide\"><figure class=\"wpex-carousel-entry-media entry-media overlay-parent overlay-parent-title-bottom\"><img loading=\"lazy\" decoding=\"async\" width=\"350\" height=\"350\" src=\"https:\/\/www.flybyschool.com\/wp-content\/uploads\/2024\/05\/SEG-TUR-AtractivoTuristico-monumento.jpg\" class=\"wpex-align-middle skip-lazy\" alt=\"\" data-no-lazy=\"1\" srcset=\"https:\/\/www.flybyschool.com\/wp-content\/uploads\/2024\/05\/SEG-TUR-AtractivoTuristico-monumento.jpg 350w, https:\/\/www.flybyschool.com\/wp-content\/uploads\/2024\/05\/SEG-TUR-AtractivoTuristico-monumento-300x300.jpg 300w, https:\/\/www.flybyschool.com\/wp-content\/uploads\/2024\/05\/SEG-TUR-AtractivoTuristico-monumento-150x150.jpg 150w\" sizes=\"auto, (max-width: 350px) 100vw, 350px\" \/>\n<div class=\"overlay-title-bottom theme-overlay wpex-absolute wpex-bottom-0 wpex-inset-x-0 wpex-bg-black wpex-py-10 wpex-px-20 wpex-text-white wpex-text-md wpex-text-center\">\n\tMonasterio de San Salvador de O\u00f1a<\/div>\n<\/figure><\/div><div class=\"wpex-carousel-slide\"><figure class=\"wpex-carousel-entry-media entry-media overlay-parent overlay-parent-title-bottom\"><img loading=\"lazy\" decoding=\"async\" width=\"330\" height=\"330\" src=\"https:\/\/www.flybyschool.com\/wp-content\/uploads\/2024\/05\/vista-burgos-catedral.jpg\" class=\"wpex-align-middle skip-lazy\" alt=\"\" data-no-lazy=\"1\" srcset=\"https:\/\/www.flybyschool.com\/wp-content\/uploads\/2024\/05\/vista-burgos-catedral.jpg 330w, https:\/\/www.flybyschool.com\/wp-content\/uploads\/2024\/05\/vista-burgos-catedral-300x300.jpg 300w, https:\/\/www.flybyschool.com\/wp-content\/uploads\/2024\/05\/vista-burgos-catedral-150x150.jpg 150w\" sizes=\"auto, (max-width: 330px) 100vw, 330px\" \/>\n<div class=\"overlay-title-bottom theme-overlay wpex-absolute wpex-bottom-0 wpex-inset-x-0 wpex-bg-black wpex-py-10 wpex-px-20 wpex-text-white wpex-text-md wpex-text-center\">\n\tCatedral de Burgos<\/div>\n<\/figure><\/div><div class=\"wpex-carousel-slide\"><figure class=\"wpex-carousel-entry-media entry-media overlay-parent overlay-parent-title-bottom\"><img loading=\"lazy\" decoding=\"async\" width=\"350\" height=\"350\" src=\"https:\/\/www.flybyschool.com\/wp-content\/uploads\/2024\/05\/cartuja_miraflores_burgos_s_682127272.jpg\" class=\"wpex-align-middle skip-lazy\" alt=\"\" data-no-lazy=\"1\" srcset=\"https:\/\/www.flybyschool.com\/wp-content\/uploads\/2024\/05\/cartuja_miraflores_burgos_s_682127272.jpg 350w, https:\/\/www.flybyschool.com\/wp-content\/uploads\/2024\/05\/cartuja_miraflores_burgos_s_682127272-300x300.jpg 300w, https:\/\/www.flybyschool.com\/wp-content\/uploads\/2024\/05\/cartuja_miraflores_burgos_s_682127272-150x150.jpg 150w\" sizes=\"auto, (max-width: 350px) 100vw, 350px\" \/>\n<div class=\"overlay-title-bottom theme-overlay wpex-absolute wpex-bottom-0 wpex-inset-x-0 wpex-bg-black wpex-py-10 wpex-px-20 wpex-text-white wpex-text-md wpex-text-center\">\n\tCartuja de Miraflores<\/div>\n<\/figure><\/div><div class=\"wpex-carousel-slide\"><figure class=\"wpex-carousel-entry-media entry-media overlay-parent overlay-parent-title-bottom\"><img loading=\"lazy\" decoding=\"async\" width=\"350\" height=\"350\" src=\"https:\/\/www.flybyschool.com\/wp-content\/uploads\/2024\/05\/expo_FOZ5630.jpg\" class=\"wpex-align-middle skip-lazy\" alt=\"\" data-no-lazy=\"1\" srcset=\"https:\/\/www.flybyschool.com\/wp-content\/uploads\/2024\/05\/expo_FOZ5630.jpg 350w, https:\/\/www.flybyschool.com\/wp-content\/uploads\/2024\/05\/expo_FOZ5630-300x300.jpg 300w, https:\/\/www.flybyschool.com\/wp-content\/uploads\/2024\/05\/expo_FOZ5630-150x150.jpg 150w\" sizes=\"auto, (max-width: 350px) 100vw, 350px\" \/>\n<div class=\"overlay-title-bottom theme-overlay wpex-absolute wpex-bottom-0 wpex-inset-x-0 wpex-bg-black wpex-py-10 wpex-px-20 wpex-text-white wpex-text-md wpex-text-center\">\n\tMuseo de la Evoluci\u00f3n Humana (MEH)<\/div>\n<\/figure><\/div><div class=\"wpex-carousel-slide\"><figure class=\"wpex-carousel-entry-media entry-media overlay-parent overlay-parent-title-bottom\"><img loading=\"lazy\" decoding=\"async\" width=\"350\" height=\"350\" src=\"https:\/\/www.flybyschool.com\/wp-content\/uploads\/2024\/05\/Gran_Dolina_2012_Sierra_de_Atapuerca-Mario-Modesto-Mata.jpg\" class=\"wpex-align-middle skip-lazy\" alt=\"\" data-no-lazy=\"1\" srcset=\"https:\/\/www.flybyschool.com\/wp-content\/uploads\/2024\/05\/Gran_Dolina_2012_Sierra_de_Atapuerca-Mario-Modesto-Mata.jpg 350w, https:\/\/www.flybyschool.com\/wp-content\/uploads\/2024\/05\/Gran_Dolina_2012_Sierra_de_Atapuerca-Mario-Modesto-Mata-300x300.jpg 300w, https:\/\/www.flybyschool.com\/wp-content\/uploads\/2024\/05\/Gran_Dolina_2012_Sierra_de_Atapuerca-Mario-Modesto-Mata-150x150.jpg 150w\" sizes=\"auto, (max-width: 350px) 100vw, 350px\" \/>\n<div class=\"overlay-title-bottom theme-overlay wpex-absolute wpex-bottom-0 wpex-inset-x-0 wpex-bg-black wpex-py-10 wpex-px-20 wpex-text-white wpex-text-md wpex-text-center\">\n\tYacimiento de Atapuerca<\/div>\n<\/figure><\/div><\/div>[\/vc_column][\/vc_row]\n<\/div>","protected":false},"excerpt":{"rendered":"<p>[vc_row full_width=\u00a0\u00bbstretch_row_content\u00a0\u00bb content_placement=\u00a0\u00bbbottom\u00a0\u00bb full_height=\u00a0\u00bbyes\u00a0\u00bb columns_placement=\u00a0\u00bbbottom\u00a0\u00bb remove_bottom_col_margin=\u00a0\u00bbtrue\u00a0\u00bb typography_style=\u00a0\u00bbwhite-shadow\u00a0\u00bb wpex_post_thumbnail_bg=\u00a0\u00bbtrue\u00a0\u00bb css=\u00a0\u00bb.vc_custom_1717598307821{background-image: url(https:\/\/www.flybyschool.com\/wp-content\/uploads\/2024\/05\/catedral-burgos-castilla-leon.jpg?id=1891) !important;background-position: center !important;background-repeat: no-repeat !important;background-size: cover !important;}\u00a0\u00bb wpex_bg_position=\u00a0\u00bbcenter top\u00a0\u00bb][vc_column css_animation=\u00a0\u00bbfadeInLeft\u00a0\u00bb wpex_featured_bg_image=\u00a0\u00bbtrue\u00a0\u00bb wpex_fixed_bg=\u00a0\u00bbfixed\u00a0\u00bb css=\u00a0\u00bb.vc_custom_1717598319472{background-image: url(https:\/\/www.flybyschool.com\/wp-content\/uploads\/2024\/04\/blue-shapes.png?id=145) !important;background-position: 0 0 !important;background-repeat: no-repeat !important;}\u00a0\u00bb wpex_bg_size=\u00a0\u00bb1012px 700px\u00a0\u00bb wpex_bg_position=\u00a0\u00bbleft bottom\u00a0\u00bb][\/vc_column][\/vc_row][vc_row content_placement=\u00a0\u00bbbottom\u00a0\u00bb tablet_fullwidth_cols=\u00a0\u00bbyes\u00a0\u00bb css=\u00a0\u00bb.vc_custom_1716751026460{margin-top: 60px !important;}\u00a0\u00bb][vc_column width=\u00a0\u00bb1\/2&Prime;][vc_column_text font_size=\u00a0\u00bb16px\u00a0\u00bb]Burgos est situ\u00e9e \u00e0 l&rsquo;int\u00e9rieur de l&rsquo;Espagne, dans la partie nord de la r\u00e9gion de&hellip;<\/p>\n","protected":false},"author":1,"featured_media":0,"parent":0,"menu_order":0,"comment_status":"closed","ping_status":"closed","template":"","meta":{"_joinchat":[],"footnotes":""},"class_list":["post-2660","page","type-page","status-publish","hentry","entry","no-media"],"_links":{"self":[{"href":"https:\/\/www.flybyschool.com\/fr\/wp-json\/wp\/v2\/pages\/2660","targetHints":{"allow":["GET"]}}],"collection":[{"href":"https:\/\/www.flybyschool.com\/fr\/wp-json\/wp\/v2\/pages"}],"about":[{"href":"https:\/\/www.flybyschool.com\/fr\/wp-json\/wp\/v2\/types\/page"}],"author":[{"embeddable":true,"href":"https:\/\/www.flybyschool.com\/fr\/wp-json\/wp\/v2\/users\/1"}],"replies":[{"embeddable":true,"href":"https:\/\/www.flybyschool.com\/fr\/wp-json\/wp\/v2\/comments?post=2660"}],"version-history":[{"count":11,"href":"https:\/\/www.flybyschool.com\/fr\/wp-json\/wp\/v2\/pages\/2660\/revisions"}],"predecessor-version":[{"id":2681,"href":"https:\/\/www.flybyschool.com\/fr\/wp-json\/wp\/v2\/pages\/2660\/revisions\/2681"}],"wp:attachment":[{"href":"https:\/\/www.flybyschool.com\/fr\/wp-json\/wp\/v2\/media?parent=2660"}],"curies":[{"name":"wp","href":"https:\/\/api.w.org\/{rel}","templated":true}]}}