{"id":2871,"date":"2024-05-26T17:47:06","date_gmt":"2024-05-26T17:47:06","guid":{"rendered":"https:\/\/www.flybyschool.com\/la-vita-a-burgos\/"},"modified":"2024-07-19T06:13:57","modified_gmt":"2024-07-19T06:13:57","slug":"la-vita-a-burgos","status":"publish","type":"page","link":"https:\/\/www.flybyschool.com\/it\/la-vita-a-burgos\/","title":{"rendered":"La vita a Burgos"},"content":{"rendered":"<div class=\"wpb-content-wrapper\">[vc_row full_width=&#8221;stretch_row_content&#8221; content_placement=&#8221;bottom&#8221; full_height=&#8221;yes&#8221; columns_placement=&#8221;bottom&#8221; remove_bottom_col_margin=&#8221;true&#8221; typography_style=&#8221;white-shadow&#8221; wpex_post_thumbnail_bg=&#8221;true&#8221; css=&#8221;.vc_custom_1717598307821{background-image: url(https:\/\/www.flybyschool.com\/wp-content\/uploads\/2024\/05\/catedral-burgos-castilla-leon.jpg?id=1891) !important;background-position: center !important;background-repeat: no-repeat !important;background-size: cover !important;}&#8221; wpex_bg_position=&#8221;center top&#8221;][vc_column css_animation=&#8221;fadeInLeft&#8221; wpex_featured_bg_image=&#8221;true&#8221; wpex_fixed_bg=&#8221;fixed&#8221; css=&#8221;.vc_custom_1717598319472{background-image: url(https:\/\/www.flybyschool.com\/wp-content\/uploads\/2024\/04\/blue-shapes.png?id=145) !important;background-position: 0 0 !important;background-repeat: no-repeat !important;}&#8221; wpex_bg_size=&#8221;1012px 700px&#8221; wpex_bg_position=&#8221;left bottom&#8221;]<style>.vcex-heading.vcex_69f0c90e20c41{color:#ffffff;font-size:42px;font-weight:700;}@media (max-width:767px){.vcex-heading.vcex_69f0c90e20c41{font-size:30px;}}@media (max-width:479px){.vcex-heading.vcex_69f0c90e20c41{font-size:24px;}}<\/style><h1 class=\"vcex-heading vcex-heading-plain vcex-module wpex-heading wpex-text-2xl wpex-p-20 vc_custom_1717598346317 vcex_69f0c90e20c41\"><span class=\"vcex-heading-inner wpex-inline-block\">La vita a Burgos<\/span><\/h1><div class=\"vc_custom_1717598368969 wpex-clr\"><a href=\"https:\/\/www.flybyschool.com\/it\/contatto\/\" class=\"vcex-button theme-button outline inline wpex-shadow-none\" style=\"background:#00205b;color:#ffffff;font-size:20px;font-weight:300;border-radius:var(--wpex-rounded-full);\" data-wpex-hover='{&quot;background&quot;:&quot;#ffffff&quot;,&quot;color&quot;:&quot;var(--wpex-accent)&quot;}'><span class=\"vcex-button-inner theme-button-inner\">Contattaci<\/span><\/a><\/div> [\/vc_column][\/vc_row][vc_row content_placement=&#8221;bottom&#8221; tablet_fullwidth_cols=&#8221;yes&#8221; css=&#8221;.vc_custom_1716751026460{margin-top: 60px !important;}&#8221;][vc_column width=&#8221;1\/2&#8243;]<style>.vcex-heading.vcex_69f0c90e238d7{color:#0c2670;font-size:38px;font-weight:700;}@media (max-width:767px){.vcex-heading.vcex_69f0c90e238d7{font-size:30px;}}<\/style><h2 class=\"vcex-heading vcex-heading-plain vcex-module wpex-heading wpex-text-2xl vcex_69f0c90e238d7\"><span class=\"vcex-heading-inner wpex-inline-block\">Burgos<\/span><\/h2><div class=\"vcex-module vcex-divider vcex-divider-solid wpex-my-20 wpex-max-w-100 wpex-block wpex-h-0 wpex-border-b wpex-border-solid wpex-border-main\" style=\"width:150px;border-bottom-width:5px;border-color:#383838;\"><\/div><style> style=\"height:10px;\"<\/style><div class=\"vcex-spacing wpex-w-100 wpex-clear\" style=\"height:10px;\"><\/div>[vc_column_text font_size=&#8221;16px&#8221;]Si trova nell&#8217;interno della Spagna, nella parte settentrionale della regione di Castilla y Le\u00f3n. La sua capitale \u00e8 la citt\u00e0 di Burgos, dove si trova l&#8217;unica cattedrale della Spagna riconosciuta individualmente come patrimonio mondiale dell&#8217;UNESCO.<\/p>\n<p>Un altro bell&#8217;esempio del ricco patrimonio culturale della provincia \u00e8 il sito archeologico di Atapuerca, uno dei pi\u00f9 importanti d&#8217;Europa e dichiarato Patrimonio dell&#8217;Umanit\u00e0 dall&#8217;UNESCO. Interessanti sono anche i comuni di Santo Domingo de Silos, Covarrubias, Fr\u00edas e Aranda de Duero.[\/vc_column_text][\/vc_column][vc_column width=&#8221;1\/2&#8243;]<figure class=\"vcex-image vcex-module\"><div class=\"vcex-image-inner wpex-relative wpex-inline-block\"><img width=\"1110\" height=\"500\" src=\"https:\/\/www.flybyschool.com\/wp-content\/uploads\/2024\/05\/burgos-aereo.jpg\" class=\"vcex-image-img wpex-align-middle\" alt=\"\" loading=\"lazy\" decoding=\"async\" srcset=\"https:\/\/www.flybyschool.com\/wp-content\/uploads\/2024\/05\/burgos-aereo.jpg 1110w, https:\/\/www.flybyschool.com\/wp-content\/uploads\/2024\/05\/burgos-aereo-300x135.jpg 300w, https:\/\/www.flybyschool.com\/wp-content\/uploads\/2024\/05\/burgos-aereo-1024x461.jpg 1024w, https:\/\/www.flybyschool.com\/wp-content\/uploads\/2024\/05\/burgos-aereo-768x346.jpg 768w\" sizes=\"auto, (max-width: 1110px) 100vw, 1110px\" \/><\/div><\/figure>[\/vc_column][\/vc_row][vc_row full_width=&#8221;stretch_row&#8221; content_placement=&#8221;middle&#8221; column_spacing=&#8221;60&#8243; columns_right=&#8221;yes&#8221; tablet_fullwidth_cols=&#8221;yes&#8221; css=&#8221;.vc_custom_1716750223379{padding-top: 60px !important;padding-bottom: 20px !important;background-color: #e8edec !important;}&#8221;][vc_column width=&#8221;1\/2&#8243;][vc_column_text font_size=&#8221;16px&#8221; font_weight=&#8221;bold&#8221;]Una visita imperdibile[\/vc_column_text]<style>.vcex-heading.vcex_69f0c90e24f8f{color:#0c2670;font-size:38px;font-weight:700;}@media (max-width:767px){.vcex-heading.vcex_69f0c90e24f8f{font-size:30px;}}<\/style><h2 class=\"vcex-heading vcex-heading-plain vcex-module wpex-heading wpex-text-2xl vcex_69f0c90e24f8f\"><span class=\"vcex-heading-inner wpex-inline-block\">Cattedrale di Burgos<\/span><\/h2><div class=\"vcex-module vcex-divider vcex-divider-solid wpex-my-20 wpex-max-w-100 wpex-block wpex-h-0 wpex-border-b wpex-border-solid wpex-border-main\" style=\"width:150px;border-bottom-width:5px;border-color:#383838;\"><\/div><style> style=\"height:20px;\"<\/style><div class=\"vcex-spacing wpex-w-100 wpex-clear\" style=\"height:20px;\"><\/div>[vc_column_text color=&#8221;rgba(30,21,23,0.9)&#8221; font_size=&#8221;18px&#8221; el_class=&#8221;wpex-antialiased&#8221;]Sapevate che alla fine dell&#8217;XI secolo Burgos aveva gi\u00e0 una cattedrale? E che venne distrutta perch\u00e9 non \u201call\u2019altezza\u201d dell\u2019importanza che la citt\u00e0 stava acquistando? ? Invece, oggi la Spagna custodisce l\u2019iconica Santa Iglesia Catedral Bas\u00edlica Metropolitana de Santa Mar\u00eda, meglio conosciuta come Cattedrale di Burgos.[\/vc_column_text]<style> style=\"height:20px;\"<\/style><div class=\"vcex-spacing wpex-w-100 wpex-clear\" style=\"height:20px;\"><\/div><a href=\"https:\/\/www.spain.info\/it\/scoprire-spagna\/storia-cattedrale-burgos\/\" class=\"vcex-button theme-button outline inline wpex-shadow-none\" style=\"background:#00205b;color:#ffffff;font-size:20px;font-weight:300;border-radius:var(--wpex-rounded-full);\" data-wpex-hover='{&quot;background&quot;:&quot;#ffffff&quot;,&quot;color&quot;:&quot;var(--wpex-accent)&quot;}' target=\"_blank\" rel=\"noopener noreferrer\"><span class=\"vcex-button-inner theme-button-inner\">Espandi le informazioni<\/span><\/a> [\/vc_column][vc_column width=&#8221;1\/2&#8243;]<div class=\"vcex-grid-container vcex-module wpex-grid wpex-gap-20 wpex-grid-cols-1\"><figure class=\"vcex-image vcex-module\"><div class=\"vcex-image-inner wpex-relative wpex-inline-block\"><img width=\"540\" height=\"540\" src=\"https:\/\/www.flybyschool.com\/wp-content\/uploads\/2024\/05\/puerta-gotica-abajo-claustro-catedral-burgos-castilla-leon.jpg\" class=\"vcex-image-img wpex-align-middle\" alt=\"\" loading=\"lazy\" decoding=\"async\" srcset=\"https:\/\/www.flybyschool.com\/wp-content\/uploads\/2024\/05\/puerta-gotica-abajo-claustro-catedral-burgos-castilla-leon.jpg 540w, https:\/\/www.flybyschool.com\/wp-content\/uploads\/2024\/05\/puerta-gotica-abajo-claustro-catedral-burgos-castilla-leon-300x300.jpg 300w, https:\/\/www.flybyschool.com\/wp-content\/uploads\/2024\/05\/puerta-gotica-abajo-claustro-catedral-burgos-castilla-leon-150x150.jpg 150w\" sizes=\"auto, (max-width: 540px) 100vw, 540px\" \/><\/div><\/figure><\/div>[\/vc_column][\/vc_row][vc_row css=&#8221;.vc_custom_1716750042180{margin-top: 60px !important;}&#8221;][vc_column]<style>.vcex-heading.vcex_69f0c90e27231{color:#0c2670;font-size:38px;font-weight:300;}@media (max-width:767px){.vcex-heading.vcex_69f0c90e27231{font-size:30px;}}<\/style><h2 class=\"vcex-heading vcex-heading-plain vcex-module wpex-heading wpex-text-2xl vcex_69f0c90e27231\"><span class=\"vcex-heading-inner wpex-inline-block\"><strong>Attrazioni<\/strong> da non perdere<\/span><\/h2><style> style=\"height:20px;\"<\/style><div class=\"vcex-spacing wpex-w-100 wpex-clear\" style=\"height:20px;\"><\/div>[vc_column_text]Se desideri approfondire ulteriormente, clicca <strong><a href=\"https:\/\/www.spain.info\/it\/regione\/burgos-provincia\/\" target=\"_blank\" rel=\"noopener\">qui<\/a><\/strong>.[\/vc_column_text]<style> style=\"height:30px;\"<\/style><div class=\"vcex-spacing wpex-w-100 wpex-clear\" style=\"height:30px;\"><\/div><style class=\"vcex-carousel-preload-css\">.vcex_69f0c90e289da{--wpex-carousel-gap:15px;}.vcex_69f0c90e289da{--wpex-carousel-columns:1;}.vcex_69f0c90e289da.wpex-carousel:not(.owl-loaded) > *:not(:nth-child(1n+2)) {display: flex !important;}@media only screen and (min-width: 480px) {.vcex_69f0c90e289da{--wpex-carousel-columns:2;}.vcex_69f0c90e289da.wpex-carousel:not(.owl-loaded) > *:not(:nth-child(1n+3)) {display: flex !important;}}@media only screen and (min-width: 768px) {.vcex_69f0c90e289da{--wpex-carousel-columns:3;}.vcex_69f0c90e289da.wpex-carousel:not(.owl-loaded) > *:not(:nth-child(1n+4)) {display: flex !important;}}@media only screen and (min-width: 960px) {.vcex_69f0c90e289da{--wpex-carousel-columns:4;}.vcex_69f0c90e289da.wpex-carousel:not(.owl-loaded) > *:not(:nth-child(1n+5)) {display: flex !important;}}<\/style><div class=\"vcex-module wpex-carousel wpex-carousel-images wpex-clr owl-carousel wpex-carousel--render-onload vcex_69f0c90e289da arrwstyle-default arrwpos-abs\" data-wpex-carousel=\"{&quot;autoplay&quot;:&quot;true&quot;,&quot;responsive&quot;:{&quot;0&quot;:{&quot;items&quot;:&quot;1&quot;},&quot;480&quot;:{&quot;items&quot;:&quot;2&quot;},&quot;768&quot;:{&quot;items&quot;:&quot;3&quot;},&quot;960&quot;:{&quot;items&quot;:&quot;4&quot;}}}\"><div class=\"wpex-carousel-slide\"><figure class=\"wpex-carousel-entry-media entry-media overlay-parent overlay-parent-title-bottom\"><img loading=\"lazy\" decoding=\"async\" width=\"350\" height=\"350\" src=\"https:\/\/www.flybyschool.com\/wp-content\/uploads\/2024\/05\/monasterio_santo_domingo_silos_burgos_c_alfredo_ruiz_huerga.jpg\" class=\"wpex-align-middle skip-lazy\" alt=\"\" data-no-lazy=\"1\" srcset=\"https:\/\/www.flybyschool.com\/wp-content\/uploads\/2024\/05\/monasterio_santo_domingo_silos_burgos_c_alfredo_ruiz_huerga.jpg 350w, https:\/\/www.flybyschool.com\/wp-content\/uploads\/2024\/05\/monasterio_santo_domingo_silos_burgos_c_alfredo_ruiz_huerga-300x300.jpg 300w, https:\/\/www.flybyschool.com\/wp-content\/uploads\/2024\/05\/monasterio_santo_domingo_silos_burgos_c_alfredo_ruiz_huerga-150x150.jpg 150w\" sizes=\"auto, (max-width: 350px) 100vw, 350px\" \/>\n<div class=\"overlay-title-bottom theme-overlay wpex-absolute wpex-bottom-0 wpex-inset-x-0 wpex-bg-black wpex-py-10 wpex-px-20 wpex-text-white wpex-text-md wpex-text-center\">\n\tMonasterio de Santo Domingo de Silos<\/div>\n<\/figure><\/div><div class=\"wpex-carousel-slide\"><figure class=\"wpex-carousel-entry-media entry-media overlay-parent overlay-parent-title-bottom\"><img loading=\"lazy\" decoding=\"async\" width=\"350\" height=\"350\" src=\"https:\/\/www.flybyschool.com\/wp-content\/uploads\/2024\/05\/SEG-TUR-AtractivoTuristico-monumento.jpg\" class=\"wpex-align-middle skip-lazy\" alt=\"\" data-no-lazy=\"1\" srcset=\"https:\/\/www.flybyschool.com\/wp-content\/uploads\/2024\/05\/SEG-TUR-AtractivoTuristico-monumento.jpg 350w, https:\/\/www.flybyschool.com\/wp-content\/uploads\/2024\/05\/SEG-TUR-AtractivoTuristico-monumento-300x300.jpg 300w, https:\/\/www.flybyschool.com\/wp-content\/uploads\/2024\/05\/SEG-TUR-AtractivoTuristico-monumento-150x150.jpg 150w\" sizes=\"auto, (max-width: 350px) 100vw, 350px\" \/>\n<div class=\"overlay-title-bottom theme-overlay wpex-absolute wpex-bottom-0 wpex-inset-x-0 wpex-bg-black wpex-py-10 wpex-px-20 wpex-text-white wpex-text-md wpex-text-center\">\n\tMonasterio de San Salvador de O\u00f1a<\/div>\n<\/figure><\/div><div class=\"wpex-carousel-slide\"><figure class=\"wpex-carousel-entry-media entry-media overlay-parent overlay-parent-title-bottom\"><img loading=\"lazy\" decoding=\"async\" width=\"330\" height=\"330\" src=\"https:\/\/www.flybyschool.com\/wp-content\/uploads\/2024\/05\/vista-burgos-catedral.jpg\" class=\"wpex-align-middle skip-lazy\" alt=\"\" data-no-lazy=\"1\" srcset=\"https:\/\/www.flybyschool.com\/wp-content\/uploads\/2024\/05\/vista-burgos-catedral.jpg 330w, https:\/\/www.flybyschool.com\/wp-content\/uploads\/2024\/05\/vista-burgos-catedral-300x300.jpg 300w, https:\/\/www.flybyschool.com\/wp-content\/uploads\/2024\/05\/vista-burgos-catedral-150x150.jpg 150w\" sizes=\"auto, (max-width: 330px) 100vw, 330px\" \/>\n<div class=\"overlay-title-bottom theme-overlay wpex-absolute wpex-bottom-0 wpex-inset-x-0 wpex-bg-black wpex-py-10 wpex-px-20 wpex-text-white wpex-text-md wpex-text-center\">\n\tCatedral de Burgos<\/div>\n<\/figure><\/div><div class=\"wpex-carousel-slide\"><figure class=\"wpex-carousel-entry-media entry-media overlay-parent overlay-parent-title-bottom\"><img loading=\"lazy\" decoding=\"async\" width=\"350\" height=\"350\" src=\"https:\/\/www.flybyschool.com\/wp-content\/uploads\/2024\/05\/cartuja_miraflores_burgos_s_682127272.jpg\" class=\"wpex-align-middle skip-lazy\" alt=\"\" data-no-lazy=\"1\" srcset=\"https:\/\/www.flybyschool.com\/wp-content\/uploads\/2024\/05\/cartuja_miraflores_burgos_s_682127272.jpg 350w, https:\/\/www.flybyschool.com\/wp-content\/uploads\/2024\/05\/cartuja_miraflores_burgos_s_682127272-300x300.jpg 300w, https:\/\/www.flybyschool.com\/wp-content\/uploads\/2024\/05\/cartuja_miraflores_burgos_s_682127272-150x150.jpg 150w\" sizes=\"auto, (max-width: 350px) 100vw, 350px\" \/>\n<div class=\"overlay-title-bottom theme-overlay wpex-absolute wpex-bottom-0 wpex-inset-x-0 wpex-bg-black wpex-py-10 wpex-px-20 wpex-text-white wpex-text-md wpex-text-center\">\n\tCartuja de Miraflores<\/div>\n<\/figure><\/div><div class=\"wpex-carousel-slide\"><figure class=\"wpex-carousel-entry-media entry-media overlay-parent overlay-parent-title-bottom\"><img loading=\"lazy\" decoding=\"async\" width=\"350\" height=\"350\" src=\"https:\/\/www.flybyschool.com\/wp-content\/uploads\/2024\/05\/expo_FOZ5630.jpg\" class=\"wpex-align-middle skip-lazy\" alt=\"\" data-no-lazy=\"1\" srcset=\"https:\/\/www.flybyschool.com\/wp-content\/uploads\/2024\/05\/expo_FOZ5630.jpg 350w, https:\/\/www.flybyschool.com\/wp-content\/uploads\/2024\/05\/expo_FOZ5630-300x300.jpg 300w, https:\/\/www.flybyschool.com\/wp-content\/uploads\/2024\/05\/expo_FOZ5630-150x150.jpg 150w\" sizes=\"auto, (max-width: 350px) 100vw, 350px\" \/>\n<div class=\"overlay-title-bottom theme-overlay wpex-absolute wpex-bottom-0 wpex-inset-x-0 wpex-bg-black wpex-py-10 wpex-px-20 wpex-text-white wpex-text-md wpex-text-center\">\n\tMuseo de la Evoluci\u00f3n Humana (MEH)<\/div>\n<\/figure><\/div><div class=\"wpex-carousel-slide\"><figure class=\"wpex-carousel-entry-media entry-media overlay-parent overlay-parent-title-bottom\"><img loading=\"lazy\" decoding=\"async\" width=\"350\" height=\"350\" src=\"https:\/\/www.flybyschool.com\/wp-content\/uploads\/2024\/05\/Gran_Dolina_2012_Sierra_de_Atapuerca-Mario-Modesto-Mata.jpg\" class=\"wpex-align-middle skip-lazy\" alt=\"\" data-no-lazy=\"1\" srcset=\"https:\/\/www.flybyschool.com\/wp-content\/uploads\/2024\/05\/Gran_Dolina_2012_Sierra_de_Atapuerca-Mario-Modesto-Mata.jpg 350w, https:\/\/www.flybyschool.com\/wp-content\/uploads\/2024\/05\/Gran_Dolina_2012_Sierra_de_Atapuerca-Mario-Modesto-Mata-300x300.jpg 300w, https:\/\/www.flybyschool.com\/wp-content\/uploads\/2024\/05\/Gran_Dolina_2012_Sierra_de_Atapuerca-Mario-Modesto-Mata-150x150.jpg 150w\" sizes=\"auto, (max-width: 350px) 100vw, 350px\" \/>\n<div class=\"overlay-title-bottom theme-overlay wpex-absolute wpex-bottom-0 wpex-inset-x-0 wpex-bg-black wpex-py-10 wpex-px-20 wpex-text-white wpex-text-md wpex-text-center\">\n\tYacimiento de Atapuerca<\/div>\n<\/figure><\/div><\/div>[\/vc_column][\/vc_row]\n<\/div>","protected":false},"excerpt":{"rendered":"<p>[vc_row full_width=&#8221;stretch_row_content&#8221; content_placement=&#8221;bottom&#8221; full_height=&#8221;yes&#8221; columns_placement=&#8221;bottom&#8221; remove_bottom_col_margin=&#8221;true&#8221; typography_style=&#8221;white-shadow&#8221; wpex_post_thumbnail_bg=&#8221;true&#8221; css=&#8221;.vc_custom_1717598307821{background-image: url(https:\/\/www.flybyschool.com\/wp-content\/uploads\/2024\/05\/catedral-burgos-castilla-leon.jpg?id=1891) !important;background-position: center !important;background-repeat: no-repeat !important;background-size: cover !important;}&#8221; wpex_bg_position=&#8221;center top&#8221;][vc_column css_animation=&#8221;fadeInLeft&#8221; wpex_featured_bg_image=&#8221;true&#8221; wpex_fixed_bg=&#8221;fixed&#8221; css=&#8221;.vc_custom_1717598319472{background-image: url(https:\/\/www.flybyschool.com\/wp-content\/uploads\/2024\/04\/blue-shapes.png?id=145) !important;background-position: 0 0 !important;background-repeat: no-repeat !important;}&#8221; wpex_bg_size=&#8221;1012px 700px&#8221; wpex_bg_position=&#8221;left bottom&#8221;][\/vc_column][\/vc_row][vc_row content_placement=&#8221;bottom&#8221; tablet_fullwidth_cols=&#8221;yes&#8221; css=&#8221;.vc_custom_1716751026460{margin-top: 60px !important;}&#8221;][vc_column width=&#8221;1\/2&#8243;][vc_column_text font_size=&#8221;16px&#8221;]Si trova nell&#8217;interno della Spagna, nella parte settentrionale della regione di Castilla y Le\u00f3n. La&hellip;<\/p>\n","protected":false},"author":1,"featured_media":0,"parent":0,"menu_order":0,"comment_status":"closed","ping_status":"closed","template":"","meta":{"_joinchat":[],"footnotes":""},"class_list":["post-2871","page","type-page","status-publish","hentry","entry","no-media"],"_links":{"self":[{"href":"https:\/\/www.flybyschool.com\/it\/wp-json\/wp\/v2\/pages\/2871","targetHints":{"allow":["GET"]}}],"collection":[{"href":"https:\/\/www.flybyschool.com\/it\/wp-json\/wp\/v2\/pages"}],"about":[{"href":"https:\/\/www.flybyschool.com\/it\/wp-json\/wp\/v2\/types\/page"}],"author":[{"embeddable":true,"href":"https:\/\/www.flybyschool.com\/it\/wp-json\/wp\/v2\/users\/1"}],"replies":[{"embeddable":true,"href":"https:\/\/www.flybyschool.com\/it\/wp-json\/wp\/v2\/comments?post=2871"}],"version-history":[{"count":4,"href":"https:\/\/www.flybyschool.com\/it\/wp-json\/wp\/v2\/pages\/2871\/revisions"}],"predecessor-version":[{"id":2998,"href":"https:\/\/www.flybyschool.com\/it\/wp-json\/wp\/v2\/pages\/2871\/revisions\/2998"}],"wp:attachment":[{"href":"https:\/\/www.flybyschool.com\/it\/wp-json\/wp\/v2\/media?parent=2871"}],"curies":[{"name":"wp","href":"https:\/\/api.w.org\/{rel}","templated":true}]}}